{"id":19,"date":"2016-04-01T22:50:17","date_gmt":"2016-04-01T20:50:17","guid":{"rendered":"http:\/\/stadtteilzentrum.info\/?page_id=19"},"modified":"2023-03-19T15:06:03","modified_gmt":"2023-03-19T14:06:03","slug":"raum-1","status":"publish","type":"page","link":"https:\/\/stadtteilzentrum.info\/?page_id=19","title":{"rendered":"Raum 1"},"content":{"rendered":"<h1>Raum 1<\/h1>\n<ul>\n<li>\n<p>        <img decoding=\"async\" src=\"\/stadtteilzentrum\/wp-content\/uploads\/2016\/04\/P1070270.jpg\" alt=\"\"><\/p>\n<\/li>\n<li>\n<p>        <img decoding=\"async\" src=\"\/stadtteilzentrum\/wp-content\/uploads\/2016\/04\/SVW_e.jpg\" alt=\"\"><\/p>\n<\/li>\n<li>\n<p>        <img decoding=\"async\" src=\"\/stadtteilzentrum\/wp-content\/uploads\/2016\/04\/P1070244.jpg\" alt=\"\"><\/p>\n<\/li>\n<li>\n<p>        <img decoding=\"async\" src=\"\/stadtteilzentrum\/wp-content\/uploads\/2016\/04\/IMG_0630.jpg\" alt=\"\"><\/p>\n<\/li>\n<\/ul>\n<div>\n<p>Im Untergeschoss befinden sich drei R\u00e4ume. Jeder Raum verf\u00fcgt \u00fcber einen Zugang zur Aktionsfl\u00e4che vor dem Haus. Die 77 m\u00b2 gro\u00dfe gepflasterte Fl\u00e4che am Fu\u00df des Rasenhangs wird besonders im Sommer gerne zum Verweilen im Freien genutzt. Im Untergeschoss befindet sich die Bistrok\u00fcche, die den Nutzern der R\u00e4ume 1, 2 und 3 zur Verf\u00fcgung steht.<\/p>\n<\/div>\n<div>\n<h3>Das Haus<\/h3>\n<\/div>\n<p><!--more--><br \/>\n<!-- {\"type\":\"layout\",\"children\":[{\"type\":\"section\",\"props\":{\"image_position\":\"center-center\",\"style\":\"default\",\"title_breakpoint\":\"xl\",\"title_position\":\"top-left\",\"title_rotation\":\"left\",\"vertical_align\":\"middle\",\"width\":\"default\"},\"children\":[{\"type\":\"row\",\"children\":[{\"type\":\"column\",\"props\":{\"image_position\":\"center-center\",\"media_overlay_gradient\":\"\",\"position_sticky_breakpoint\":\"m\"},\"children\":[{\"type\":\"headline\",\"props\":{\"content\":\"Raum 1\",\"title_element\":\"h1\"}}]}]},{\"type\":\"row\",\"props\":{\"layout\":\"2-3,1-3\"},\"children\":[{\"type\":\"column\",\"props\":{\"image_position\":\"center-center\",\"media_overlay_gradient\":\"\",\"position_sticky_breakpoint\":\"m\",\"width_medium\":\"2-3\"},\"children\":[{\"type\":\"gallery\",\"props\":{\"filter_align\":\"left\",\"filter_all\":true,\"filter_grid_breakpoint\":\"m\",\"filter_grid_width\":\"auto\",\"filter_position\":\"top\",\"filter_style\":\"tab\",\"grid_default\":\"1\",\"grid_large\":\"4\",\"grid_medium\":\"3\",\"image_height\":\"200\",\"image_width\":\"200\",\"item_animation\":true,\"link_style\":\"default\",\"link_text\":\"Read more\",\"margin\":\"default\",\"meta_align\":\"below-title\",\"meta_element\":\"div\",\"meta_style\":\"text-meta\",\"overlay_hover\":true,\"overlay_mode\":\"caption\",\"overlay_position\":\"center\",\"overlay_style\":\"tile-secondary\",\"overlay_transition\":\"fade\",\"show_content\":true,\"show_hover_image\":true,\"show_link\":true,\"show_meta\":true,\"show_title\":true,\"text_align\":\"center\",\"text_color\":\"light\",\"title_element\":\"h3\",\"title_hover_style\":\"reset\"},\"children\":[{\"type\":\"gallery_item\",\"props\":{\"content\":\"\",\"image\":\"wp-content\\\/uploads\\\/2016\\\/04\\\/P1070270.jpg\",\"tags\":\"\",\"title\":\"\"}},{\"type\":\"gallery_item\",\"props\":{\"content\":\"\",\"image\":\"wp-content\\\/uploads\\\/2016\\\/04\\\/SVW_e.jpg\"}},{\"type\":\"gallery_item\",\"props\":{\"image\":\"wp-content\\\/uploads\\\/2016\\\/04\\\/P1070244.jpg\",\"title\":\"\"}},{\"type\":\"gallery_item\",\"props\":{\"content\":\"\",\"image\":\"wp-content\\\/uploads\\\/2016\\\/04\\\/IMG_0630.jpg\"}}],\"name\":\"Gallerie Raum 1\"},{\"type\":\"text\",\"props\":{\"column_breakpoint\":\"m\",\"content\":\"\n\n<p>Im Untergeschoss befinden sich drei R\\u00e4ume. Jeder Raum verf\\u00fcgt \\u00fcber einen Zugang zur Aktionsfl\\u00e4che vor dem Haus. Die 77 m\\u00b2 gro\\u00dfe gepflasterte Fl\\u00e4che am Fu\\u00df des Rasenhangs wird besonders im Sommer gerne zum Verweilen im Freien genutzt. Im Untergeschoss befindet sich die Bistrok\\u00fcche, die den Nutzern der R\\u00e4ume 1, 2 und 3 zur Verf\\u00fcgung steht.<\\\/p>\",\"margin\":\"default\"},\"name\":\"Text Raum 1\"}]},{\"type\":\"column\",\"props\":{\"image_position\":\"center-center\",\"media_overlay_gradient\":\"\",\"position_sticky_breakpoint\":\"m\",\"width_medium\":\"1-3\"},\"children\":[{\"type\":\"module\",\"props\":{\"menu_image_align\":\"center\",\"menu_image_margin\":true,\"menu_style\":\"default\",\"menu_type\":\"nav\",\"type\":\"search\",\"widget\":\"search-2\"}},{\"type\":\"text\",\"props\":{\"column_breakpoint\":\"m\",\"content\":\"\n\n<h3>Das Haus<\\\/h3>\",\"margin\":\"default\"}},{\"type\":\"module\",\"props\":{\"menu_image_align\":\"center\",\"menu_image_margin\":true,\"menu_style\":\"default\",\"menu_type\":\"nav\",\"type\":\"text\",\"widget\":\"text-9\"}}]}]}],\"name\":\"Vorlage R\\u00e4ume\"}],\"version\":\"3.0.26\"} --><\/p>\n","protected":false},"excerpt":{"rendered":"<p>Raum 1 Im Untergeschoss befinden sich drei R\u00e4ume. Jeder Raum verf\u00fcgt \u00fcber einen Zugang zur Aktionsfl\u00e4che vor dem Haus. Die 77 m\u00b2 gro\u00dfe gepflasterte Fl\u00e4che am Fu\u00df des Rasenhangs wird besonders im Sommer gerne zum Verweilen im Freien genutzt. Im Untergeschoss befindet sich die Bistrok\u00fcche, die den Nutzern der R\u00e4ume 1, 2 und 3 zur [&hellip;]<\/p>\n","protected":false},"author":1,"featured_media":0,"parent":0,"menu_order":0,"comment_status":"closed","ping_status":"closed","template":"","meta":{"footnotes":""},"class_list":["post-19","page","type-page","status-publish","hentry"],"_links":{"self":[{"href":"https:\/\/stadtteilzentrum.info\/index.php?rest_route=\/wp\/v2\/pages\/19","targetHints":{"allow":["GET"]}}],"collection":[{"href":"https:\/\/stadtteilzentrum.info\/index.php?rest_route=\/wp\/v2\/pages"}],"about":[{"href":"https:\/\/stadtteilzentrum.info\/index.php?rest_route=\/wp\/v2\/types\/page"}],"author":[{"embeddable":true,"href":"https:\/\/stadtteilzentrum.info\/index.php?rest_route=\/wp\/v2\/users\/1"}],"replies":[{"embeddable":true,"href":"https:\/\/stadtteilzentrum.info\/index.php?rest_route=%2Fwp%2Fv2%2Fcomments&post=19"}],"version-history":[{"count":10,"href":"https:\/\/stadtteilzentrum.info\/index.php?rest_route=\/wp\/v2\/pages\/19\/revisions"}],"predecessor-version":[{"id":1020,"href":"https:\/\/stadtteilzentrum.info\/index.php?rest_route=\/wp\/v2\/pages\/19\/revisions\/1020"}],"wp:attachment":[{"href":"https:\/\/stadtteilzentrum.info\/index.php?rest_route=%2Fwp%2Fv2%2Fmedia&parent=19"}],"curies":[{"name":"wp","href":"https:\/\/api.w.org\/{rel}","templated":true}]}}